{"id":481,"date":"2020-03-05T14:58:58","date_gmt":"2020-03-05T13:58:58","guid":{"rendered":"https:\/\/www.terra-vinea.com\/faq\/"},"modified":"2021-03-02T10:09:59","modified_gmt":"2021-03-02T09:09:59","slug":"preguntes-mes-frequents","status":"publish","type":"page","link":"https:\/\/www.terra-vinea.com\/ca\/preguntes-mes-frequents\/","title":{"rendered":"Preguntes m\u00e9s freq\u00fcents"},"content":{"rendered":"<div class=\"fusion-fullwidth fullwidth-box fusion-builder-row-1 nonhundred-percent-fullwidth non-hundred-percent-height-scrolling\" style=\"--awb-border-radius-top-left:0px;--awb-border-radius-top-right:0px;--awb-border-radius-bottom-right:0px;--awb-border-radius-bottom-left:0px;--awb-flex-wrap:wrap;\" ><div class=\"fusion-builder-row fusion-row\"><div class=\"fusion-layout-column fusion_builder_column fusion-builder-column-0 fusion_builder_column_1_1 1_1 fusion-one-full fusion-column-first fusion-column-last\" style=\"--awb-bg-size:cover;\"><div class=\"fusion-column-wrapper fusion-column-has-shadow fusion-flex-column-wrapper-legacy\"><a class=\"fusion-modal-text-link\" href=\"#\">\n<div class=\"faq-upper-wrapper\">\n<h2>Preguntes<\/h2>\n<div class=\"btn tout-ouvrir\" data-close=\" Tancar-ho tot\">Obre tot<\/div>\n<\/div>\n<\/a><style type=\"text\/css\">.fusion-faqs-wrapper #accordian-1 .fusion-panel { border-color:#f3e3d0; }.fusion-faqs-wrapper #accordian-1 .fusion-panel:hover{ border-color: #f3e3d0; }.fusion-accordian #accordian-1 .panel-title a .fa-fusion-box:before{ font-size: 16px;width: 16px;}.fusion-accordian #accordian-1 .panel-title a .fa-fusion-box{ color: #ffffff;}.fusion-accordian  #accordian-1 .panel-title a{font-family:\"Montserrat\";font-style:normal;font-weight:600;}.fusion-accordian  #accordian-1 .panel-title a:not(:hover){}.fusion-accordian  #accordian-1 .toggle-content{font-family:\"Montserrat\";font-style:normal;font-weight:regular;}.fusion-accordian #accordian-1 .fa-fusion-box { background-color: #212934 !important;border-color: #212934 !important;}.fusion-accordian #accordian-1 .panel-title a:hover,.fusion-accordian #accordian-1 .panel-title a.hover { color: #dbae00;}.fusion-faq-shortcode .fusion-accordian #accordian-1 .fusion-toggle-boxed-mode:hover .panel-title a { color: #dbae00;}.fusion-accordian #accordian-1 .panel-title .active .fa-fusion-box,.fusion-accordian #accordian-1 .panel-title a:hover .fa-fusion-box,.fusion-accordian #accordian-1 .panel-title a.hover .fa-fusion-box { background-color: #dbae00!important;border-color: #dbae00!important;}<\/style><div class=\"fusion-faq-shortcode\" style=\"\"><div class=\"fusion-faqs-wrapper\"><div class=\"accordian fusion-accordian\"><div class=\"panel-group \" id=\"accordian-1\"><div class=\"fusion-panel panel-default fusion-faq-post fusion-faq-post-2249 \"><span class=\"entry-title rich-snippet-hidden\">\u00bfA partir de quina edat es pot fer la visita?<\/span><span class=\"vcard rich-snippet-hidden\"><span class=\"fn\"><a href=\"https:\/\/www.terra-vinea.com\/ca\/author\/admin_terravinea\/\" title=\"Entrades de admin_terravinea\" rel=\"author\">admin_terravinea<\/a><\/span><\/span><span class=\"updated rich-snippet-hidden\">2021-03-02T10:11:05+01:00<\/span><div class=\"panel-heading\"><h4 id=\"faq_1-2249\" class=\"panel-title toggle\"><a data-toggle=\"collapse\" class=\"collapsed\" data-parent=\"#accordian-1\" data-target=\"#collapse-1-2249\" href=\"#collapse-1-2249\" aria-expanded=\"false\"><div class=\"fusion-toggle-icon-wrapper\"><div class=\"fusion-toggle-icon-wrapper-main\"><div class=\"fusion-toggle-icon-wrapper-sub\"><i class=\"fa-fusion-box active-icon awb-icon-minus\" aria-hidden=\"true\"><\/i><i class=\"fa-fusion-box inactive-icon awb-icon-plus\" aria-hidden=\"true\"><\/i><\/div><\/div><\/div><div class=\"fusion-toggle-heading\">\u00bfA partir de quina edat es pot fer la visita?<\/div><\/a><\/h4><\/div><div id=\"collapse-1-2249\" aria-labelledby=\"faq_1-2249\" class=\"panel-collapse collapse\"><div class=\"panel-body toggle-content post-content\"><p>No hi ha cap edat m\u00ednima per fer la visita; el trajecte es completament segur i est\u00e0 condicionat.<\/p>\n<span class=\"et_bloom_bottom_trigger\"><\/span><\/div><\/div><\/div><div class=\"fusion-panel panel-default fusion-faq-post fusion-faq-post-2245 \"><span class=\"entry-title rich-snippet-hidden\">\u00bfEs pot fer la visita amb cotxet de beb\u00e8?<\/span><span class=\"vcard rich-snippet-hidden\"><span class=\"fn\"><a href=\"https:\/\/www.terra-vinea.com\/ca\/author\/admin_terravinea\/\" title=\"Entrades de admin_terravinea\" rel=\"author\">admin_terravinea<\/a><\/span><\/span><span class=\"updated rich-snippet-hidden\">2021-03-02T10:11:02+01:00<\/span><div class=\"panel-heading\"><h4 id=\"faq_1-2245\" class=\"panel-title toggle\"><a data-toggle=\"collapse\" class=\"collapsed\" data-parent=\"#accordian-1\" data-target=\"#collapse-1-2245\" href=\"#collapse-1-2245\" aria-expanded=\"false\"><div class=\"fusion-toggle-icon-wrapper\"><div class=\"fusion-toggle-icon-wrapper-main\"><div class=\"fusion-toggle-icon-wrapper-sub\"><i class=\"fa-fusion-box active-icon awb-icon-minus\" aria-hidden=\"true\"><\/i><i class=\"fa-fusion-box inactive-icon awb-icon-plus\" aria-hidden=\"true\"><\/i><\/div><\/div><\/div><div class=\"fusion-toggle-heading\">\u00bfEs pot fer la visita amb cotxet de beb\u00e8?<\/div><\/a><\/h4><\/div><div id=\"collapse-1-2245\" aria-labelledby=\"faq_1-2245\" class=\"panel-collapse collapse\"><div class=\"panel-body toggle-content post-content\"><p>S\u00ed, podeu venir amb un cotxet. Al 80% del trajecte no hi ha graons.<\/p>\n<span class=\"et_bloom_bottom_trigger\"><\/span><\/div><\/div><\/div><div class=\"fusion-panel panel-default fusion-faq-post fusion-faq-post-2241 \"><span class=\"entry-title rich-snippet-hidden\">\u00bf\u00c9s la visita accessible per a persones amb discapacitat?<\/span><span class=\"vcard rich-snippet-hidden\"><span class=\"fn\"><a href=\"https:\/\/www.terra-vinea.com\/ca\/author\/admin_terravinea\/\" title=\"Entrades de admin_terravinea\" rel=\"author\">admin_terravinea<\/a><\/span><\/span><span class=\"updated rich-snippet-hidden\">2023-02-02T15:13:42+01:00<\/span><div class=\"panel-heading\"><h4 id=\"faq_1-2241\" class=\"panel-title toggle\"><a data-toggle=\"collapse\" class=\"collapsed\" data-parent=\"#accordian-1\" data-target=\"#collapse-1-2241\" href=\"#collapse-1-2241\" aria-expanded=\"false\"><div class=\"fusion-toggle-icon-wrapper\"><div class=\"fusion-toggle-icon-wrapper-main\"><div class=\"fusion-toggle-icon-wrapper-sub\"><i class=\"fa-fusion-box active-icon awb-icon-minus\" aria-hidden=\"true\"><\/i><i class=\"fa-fusion-box inactive-icon awb-icon-plus\" aria-hidden=\"true\"><\/i><\/div><\/div><\/div><div class=\"fusion-toggle-heading\">\u00bf\u00c9s la visita accessible per a persones amb discapacitat?<\/div><\/a><\/h4><\/div><div id=\"collapse-1-2241\" aria-labelledby=\"faq_1-2241\" class=\"panel-collapse collapse\"><div class=\"panel-body toggle-content post-content\"><p>La visita de Terra Vinea no \u00e9s possible per a persones amb mobilitat redu\u00efda perqu\u00e8 el recorregut t\u00e9 escales i forts pendents.<\/p>\n<span class=\"et_bloom_bottom_trigger\"><\/span><\/div><\/div><\/div><div class=\"fusion-panel panel-default fusion-faq-post fusion-faq-post-2238 \"><span class=\"entry-title rich-snippet-hidden\">\u00bfEs pot fer la visita amb animals?<\/span><span class=\"vcard rich-snippet-hidden\"><span class=\"fn\"><a href=\"https:\/\/www.terra-vinea.com\/ca\/author\/equipe_terravinea\/\" title=\"Entrades de equipe_terravinea\" rel=\"author\">equipe_terravinea<\/a><\/span><\/span><span class=\"updated rich-snippet-hidden\">2021-03-02T10:10:55+01:00<\/span><div class=\"panel-heading\"><h4 id=\"faq_1-2238\" class=\"panel-title toggle\"><a data-toggle=\"collapse\" class=\"collapsed\" data-parent=\"#accordian-1\" data-target=\"#collapse-1-2238\" href=\"#collapse-1-2238\" aria-expanded=\"false\"><div class=\"fusion-toggle-icon-wrapper\"><div class=\"fusion-toggle-icon-wrapper-main\"><div class=\"fusion-toggle-icon-wrapper-sub\"><i class=\"fa-fusion-box active-icon awb-icon-minus\" aria-hidden=\"true\"><\/i><i class=\"fa-fusion-box inactive-icon awb-icon-plus\" aria-hidden=\"true\"><\/i><\/div><\/div><\/div><div class=\"fusion-toggle-heading\">\u00bfEs pot fer la visita amb animals?<\/div><\/a><\/h4><\/div><div id=\"collapse-1-2238\" aria-labelledby=\"faq_1-2238\" class=\"panel-collapse collapse\"><div class=\"panel-body toggle-content post-content\"><p>S\u00ed, s&#8217;accepten animals, per\u00f2 nom\u00e9s si es porten amb corretja.<\/p>\n<span class=\"et_bloom_bottom_trigger\"><\/span><\/div><\/div><\/div><div class=\"fusion-panel panel-default fusion-faq-post fusion-faq-post-2235 \"><span class=\"entry-title rich-snippet-hidden\">\u00bfCal dur roba espec\u00edfica per fer la visita?<\/span><span class=\"vcard rich-snippet-hidden\"><span class=\"fn\"><a href=\"https:\/\/www.terra-vinea.com\/ca\/author\/equipe_terravinea\/\" title=\"Entrades de equipe_terravinea\" rel=\"author\">equipe_terravinea<\/a><\/span><\/span><span class=\"updated rich-snippet-hidden\">2021-03-02T10:10:52+01:00<\/span><div class=\"panel-heading\"><h4 id=\"faq_1-2235\" class=\"panel-title toggle\"><a data-toggle=\"collapse\" class=\"collapsed\" data-parent=\"#accordian-1\" data-target=\"#collapse-1-2235\" href=\"#collapse-1-2235\" aria-expanded=\"false\"><div class=\"fusion-toggle-icon-wrapper\"><div class=\"fusion-toggle-icon-wrapper-main\"><div class=\"fusion-toggle-icon-wrapper-sub\"><i class=\"fa-fusion-box active-icon awb-icon-minus\" aria-hidden=\"true\"><\/i><i class=\"fa-fusion-box inactive-icon awb-icon-plus\" aria-hidden=\"true\"><\/i><\/div><\/div><\/div><div class=\"fusion-toggle-heading\">\u00bfCal dur roba espec\u00edfica per fer la visita?<\/div><\/a><\/h4><\/div><div id=\"collapse-1-2235\" aria-labelledby=\"faq_1-2235\" class=\"panel-collapse collapse\"><div class=\"panel-body toggle-content post-content\"><p>Per visitar el complex, no cal portar roba especial. La temperatura \u00e9s de setze graus i per tant es recomana disposar d\u2019una pe\u00e7a d&#8217;abrigar lleugera. Es recomanable fer la visita amb sabates planes o esportives.<\/p>\n<span class=\"et_bloom_bottom_trigger\"><\/span><\/div><\/div><\/div><div class=\"fusion-panel panel-default fusion-faq-post fusion-faq-post-2232 \"><span class=\"entry-title rich-snippet-hidden\">\u00bfQuant dura la visita?<\/span><span class=\"vcard rich-snippet-hidden\"><span class=\"fn\"><a href=\"https:\/\/www.terra-vinea.com\/ca\/author\/equipe_terravinea\/\" title=\"Entrades de equipe_terravinea\" rel=\"author\">equipe_terravinea<\/a><\/span><\/span><span class=\"updated rich-snippet-hidden\">2021-03-02T10:10:47+01:00<\/span><div class=\"panel-heading\"><h4 id=\"faq_1-2232\" class=\"panel-title toggle\"><a data-toggle=\"collapse\" class=\"collapsed\" data-parent=\"#accordian-1\" data-target=\"#collapse-1-2232\" href=\"#collapse-1-2232\" aria-expanded=\"false\"><div class=\"fusion-toggle-icon-wrapper\"><div class=\"fusion-toggle-icon-wrapper-main\"><div class=\"fusion-toggle-icon-wrapper-sub\"><i class=\"fa-fusion-box active-icon awb-icon-minus\" aria-hidden=\"true\"><\/i><i class=\"fa-fusion-box inactive-icon awb-icon-plus\" aria-hidden=\"true\"><\/i><\/div><\/div><\/div><div class=\"fusion-toggle-heading\">\u00bfQuant dura la visita?<\/div><\/a><\/h4><\/div><div id=\"collapse-1-2232\" aria-labelledby=\"faq_1-2232\" class=\"panel-collapse collapse\"><div class=\"panel-body toggle-content post-content\"><p>La visita t\u00e9 una durada d\u2019hora i mitja.<\/p>\n<span class=\"et_bloom_bottom_trigger\"><\/span><\/div><\/div><\/div><div class=\"fusion-panel panel-default fusion-faq-post fusion-faq-post-2228 \"><span class=\"entry-title rich-snippet-hidden\">\u00bfEs poden fer fotos durant la visita?<\/span><span class=\"vcard rich-snippet-hidden\"><span class=\"fn\"><a href=\"https:\/\/www.terra-vinea.com\/ca\/author\/equipe_terravinea\/\" title=\"Entrades de equipe_terravinea\" rel=\"author\">equipe_terravinea<\/a><\/span><\/span><span class=\"updated rich-snippet-hidden\">2021-03-02T10:10:40+01:00<\/span><div class=\"panel-heading\"><h4 id=\"faq_1-2228\" class=\"panel-title toggle\"><a data-toggle=\"collapse\" class=\"collapsed\" data-parent=\"#accordian-1\" data-target=\"#collapse-1-2228\" href=\"#collapse-1-2228\" aria-expanded=\"false\"><div class=\"fusion-toggle-icon-wrapper\"><div class=\"fusion-toggle-icon-wrapper-main\"><div class=\"fusion-toggle-icon-wrapper-sub\"><i class=\"fa-fusion-box active-icon awb-icon-minus\" aria-hidden=\"true\"><\/i><i class=\"fa-fusion-box inactive-icon awb-icon-plus\" aria-hidden=\"true\"><\/i><\/div><\/div><\/div><div class=\"fusion-toggle-heading\">\u00bfEs poden fer fotos durant la visita?<\/div><\/a><\/h4><\/div><div id=\"collapse-1-2228\" aria-labelledby=\"faq_1-2228\" class=\"panel-collapse collapse\"><div class=\"panel-body toggle-content post-content\"><p>Est\u00e0 perm\u00e8s fer fotos i v\u00eddeos durant la visita, respectant els altres visitants.<\/p>\n<span class=\"et_bloom_bottom_trigger\"><\/span><\/div><\/div><\/div><div class=\"fusion-panel panel-default fusion-faq-post fusion-faq-post-2218 \"><span class=\"entry-title rich-snippet-hidden\">\u00bfEs pot visitar la cova en per\u00edodes de pluja intensa?<\/span><span class=\"vcard rich-snippet-hidden\"><span class=\"fn\"><a href=\"https:\/\/www.terra-vinea.com\/ca\/author\/equipe_terravinea\/\" title=\"Entrades de equipe_terravinea\" rel=\"author\">equipe_terravinea<\/a><\/span><\/span><span class=\"updated rich-snippet-hidden\">2021-03-02T10:10:44+01:00<\/span><div class=\"panel-heading\"><h4 id=\"faq_1-2218\" class=\"panel-title toggle\"><a data-toggle=\"collapse\" class=\"collapsed\" data-parent=\"#accordian-1\" data-target=\"#collapse-1-2218\" href=\"#collapse-1-2218\" aria-expanded=\"false\"><div class=\"fusion-toggle-icon-wrapper\"><div class=\"fusion-toggle-icon-wrapper-main\"><div class=\"fusion-toggle-icon-wrapper-sub\"><i class=\"fa-fusion-box active-icon awb-icon-minus\" aria-hidden=\"true\"><\/i><i class=\"fa-fusion-box inactive-icon awb-icon-plus\" aria-hidden=\"true\"><\/i><\/div><\/div><\/div><div class=\"fusion-toggle-heading\">\u00bfEs pot visitar la cova en per\u00edodes de pluja intensa?<\/div><\/a><\/h4><\/div><div id=\"collapse-1-2218\" aria-labelledby=\"faq_1-2218\" class=\"panel-collapse collapse\"><div class=\"panel-body toggle-content post-content\"><p>Es pot accedir a Terra Vinea i fer la visita amb qualsevol temps. El trajecte est\u00e0 protegit i la temperatura \u00e9s de 16 \u00b0C durant tot l&#8217;any.<\/p>\n<span class=\"et_bloom_bottom_trigger\"><\/span><\/div><\/div><\/div><div class=\"fusion-panel panel-default fusion-faq-post fusion-faq-post-2204 \"><span class=\"entry-title rich-snippet-hidden\">\u00bfOn puc fer la reserva?<\/span><span class=\"vcard rich-snippet-hidden\"><span class=\"fn\"><a href=\"https:\/\/www.terra-vinea.com\/ca\/author\/equipe_terravinea\/\" title=\"Entrades de equipe_terravinea\" rel=\"author\">equipe_terravinea<\/a><\/span><\/span><span class=\"updated rich-snippet-hidden\">2021-03-02T10:10:37+01:00<\/span><div class=\"panel-heading\"><h4 id=\"faq_1-2204\" class=\"panel-title toggle\"><a data-toggle=\"collapse\" class=\"collapsed\" data-parent=\"#accordian-1\" data-target=\"#collapse-1-2204\" href=\"#collapse-1-2204\" aria-expanded=\"false\"><div class=\"fusion-toggle-icon-wrapper\"><div class=\"fusion-toggle-icon-wrapper-main\"><div class=\"fusion-toggle-icon-wrapper-sub\"><i class=\"fa-fusion-box active-icon awb-icon-minus\" aria-hidden=\"true\"><\/i><i class=\"fa-fusion-box inactive-icon awb-icon-plus\" aria-hidden=\"true\"><\/i><\/div><\/div><\/div><div class=\"fusion-toggle-heading\">\u00bfOn puc fer la reserva?<\/div><\/a><\/h4><\/div><div id=\"collapse-1-2204\" aria-labelledby=\"faq_1-2204\" class=\"panel-collapse collapse\"><div class=\"panel-body toggle-content post-content\"><p>No, no \u00e9s obligatori reservar, tret dels grups de m\u00e9s de vint persones.<br \/>\nTot i aix\u00f2, es poden comprar entrades per fer la visita a trav\u00e9s del <a href=\"https:\/\/www.terra-vinea.com\/ca\/preus-taquilla\/\">nostre lloc web<\/a>.<\/p>\n<span class=\"et_bloom_bottom_trigger\"><\/span><\/div><\/div><\/div><div class=\"fusion-panel panel-default fusion-faq-post fusion-faq-post-3008 \"><span class=\"entry-title rich-snippet-hidden\">\u00bfQuins mitjans de pagament s\u2019admeten?<\/span><span class=\"vcard rich-snippet-hidden\"><span class=\"fn\"><a href=\"https:\/\/www.terra-vinea.com\/ca\/author\/equipe_terravinea\/\" title=\"Entrades de equipe_terravinea\" rel=\"author\">equipe_terravinea<\/a><\/span><\/span><span class=\"updated rich-snippet-hidden\">2021-03-02T10:10:33+01:00<\/span><div class=\"panel-heading\"><h4 id=\"faq_1-3008\" class=\"panel-title toggle\"><a data-toggle=\"collapse\" class=\"collapsed\" data-parent=\"#accordian-1\" data-target=\"#collapse-1-3008\" href=\"#collapse-1-3008\" aria-expanded=\"false\"><div class=\"fusion-toggle-icon-wrapper\"><div class=\"fusion-toggle-icon-wrapper-main\"><div class=\"fusion-toggle-icon-wrapper-sub\"><i class=\"fa-fusion-box active-icon awb-icon-minus\" aria-hidden=\"true\"><\/i><i class=\"fa-fusion-box inactive-icon awb-icon-plus\" aria-hidden=\"true\"><\/i><\/div><\/div><\/div><div class=\"fusion-toggle-heading\">\u00bfQuins mitjans de pagament s\u2019admeten?<\/div><\/a><\/h4><\/div><div id=\"collapse-1-3008\" aria-labelledby=\"faq_1-3008\" class=\"panel-collapse collapse\"><div class=\"panel-body toggle-content post-content\"><p>A Terra Vinea, acceptem pagaments en efectiu i amb targeta de cr\u00e8dit.<\/p>\n<span class=\"et_bloom_bottom_trigger\"><\/span><\/div><\/div><\/div><\/div><\/div><\/div><\/div><div class=\"fusion-clearfix\"><\/div><\/div><\/div><\/div><\/div>\n<span class=\"et_bloom_bottom_trigger\"><\/span>","protected":false},"excerpt":{"rendered":"","protected":false},"author":5,"featured_media":0,"parent":0,"menu_order":0,"comment_status":"closed","ping_status":"closed","template":"template-faq.php","meta":{"_acf_changed":false,"inline_featured_image":false,"footnotes":""},"class_list":["post-481","page","type-page","status-publish","hentry"],"acf":[],"yoast_head":"<!-- This site is optimized with the Yoast SEO plugin v26.8 - https:\/\/yoast.com\/product\/yoast-seo-wordpress\/ -->\n<title>Preguntes m\u00e9s freq\u00fcents - Terra Vinea<\/title>\n<meta name=\"robots\" content=\"index, follow, max-snippet:-1, max-image-preview:large, max-video-preview:-1\" \/>\n<link rel=\"canonical\" href=\"https:\/\/www.terra-vinea.com\/ca\/preguntes-mes-frequents\/\" \/>\n<meta property=\"og:locale\" content=\"ca_ES\" \/>\n<meta property=\"og:type\" content=\"article\" \/>\n<meta property=\"og:title\" content=\"Preguntes m\u00e9s freq\u00fcents - Terra Vinea\" \/>\n<meta property=\"og:url\" content=\"https:\/\/www.terra-vinea.com\/ca\/preguntes-mes-frequents\/\" \/>\n<meta property=\"og:site_name\" content=\"Terra Vinea\" \/>\n<meta property=\"article:modified_time\" content=\"2021-03-02T09:09:59+00:00\" \/>\n<meta name=\"twitter:card\" content=\"summary_large_image\" \/>\n<meta name=\"twitter:label1\" content=\"Temps estimat de lectura\" \/>\n\t<meta name=\"twitter:data1\" content=\"2 minuts\" \/>\n<script type=\"application\/ld+json\" class=\"yoast-schema-graph\">{\"@context\":\"https:\/\/schema.org\",\"@graph\":[{\"@type\":\"WebPage\",\"@id\":\"https:\/\/www.terra-vinea.com\/ca\/preguntes-mes-frequents\/\",\"url\":\"https:\/\/www.terra-vinea.com\/ca\/preguntes-mes-frequents\/\",\"name\":\"Preguntes m\u00e9s freq\u00fcents - Terra Vinea\",\"isPartOf\":{\"@id\":\"https:\/\/www.terra-vinea.com\/es\/#website\"},\"datePublished\":\"2020-03-05T13:58:58+00:00\",\"dateModified\":\"2021-03-02T09:09:59+00:00\",\"breadcrumb\":{\"@id\":\"https:\/\/www.terra-vinea.com\/ca\/preguntes-mes-frequents\/#breadcrumb\"},\"inLanguage\":\"ca\",\"potentialAction\":[{\"@type\":\"ReadAction\",\"target\":[\"https:\/\/www.terra-vinea.com\/ca\/preguntes-mes-frequents\/\"]}]},{\"@type\":\"BreadcrumbList\",\"@id\":\"https:\/\/www.terra-vinea.com\/ca\/preguntes-mes-frequents\/#breadcrumb\",\"itemListElement\":[{\"@type\":\"ListItem\",\"position\":1,\"name\":\"Accueil\",\"item\":\"https:\/\/www.terra-vinea.com\/ca\/\"},{\"@type\":\"ListItem\",\"position\":2,\"name\":\"Preguntes m\u00e9s freq\u00fcents\"}]},{\"@type\":\"WebSite\",\"@id\":\"https:\/\/www.terra-vinea.com\/es\/#website\",\"url\":\"https:\/\/www.terra-vinea.com\/es\/\",\"name\":\"Terra Vinea\",\"description\":\"Entrez dans l&#039;Histoire\",\"potentialAction\":[{\"@type\":\"SearchAction\",\"target\":{\"@type\":\"EntryPoint\",\"urlTemplate\":\"https:\/\/www.terra-vinea.com\/es\/?s={search_term_string}\"},\"query-input\":{\"@type\":\"PropertyValueSpecification\",\"valueRequired\":true,\"valueName\":\"search_term_string\"}}],\"inLanguage\":\"ca\"}]}<\/script>\n<!-- \/ Yoast SEO plugin. -->","yoast_head_json":{"title":"Preguntes m\u00e9s freq\u00fcents - Terra Vinea","robots":{"index":"index","follow":"follow","max-snippet":"max-snippet:-1","max-image-preview":"max-image-preview:large","max-video-preview":"max-video-preview:-1"},"canonical":"https:\/\/www.terra-vinea.com\/ca\/preguntes-mes-frequents\/","og_locale":"ca_ES","og_type":"article","og_title":"Preguntes m\u00e9s freq\u00fcents - Terra Vinea","og_url":"https:\/\/www.terra-vinea.com\/ca\/preguntes-mes-frequents\/","og_site_name":"Terra Vinea","article_modified_time":"2021-03-02T09:09:59+00:00","twitter_card":"summary_large_image","twitter_misc":{"Temps estimat de lectura":"2 minuts"},"schema":{"@context":"https:\/\/schema.org","@graph":[{"@type":"WebPage","@id":"https:\/\/www.terra-vinea.com\/ca\/preguntes-mes-frequents\/","url":"https:\/\/www.terra-vinea.com\/ca\/preguntes-mes-frequents\/","name":"Preguntes m\u00e9s freq\u00fcents - Terra Vinea","isPartOf":{"@id":"https:\/\/www.terra-vinea.com\/es\/#website"},"datePublished":"2020-03-05T13:58:58+00:00","dateModified":"2021-03-02T09:09:59+00:00","breadcrumb":{"@id":"https:\/\/www.terra-vinea.com\/ca\/preguntes-mes-frequents\/#breadcrumb"},"inLanguage":"ca","potentialAction":[{"@type":"ReadAction","target":["https:\/\/www.terra-vinea.com\/ca\/preguntes-mes-frequents\/"]}]},{"@type":"BreadcrumbList","@id":"https:\/\/www.terra-vinea.com\/ca\/preguntes-mes-frequents\/#breadcrumb","itemListElement":[{"@type":"ListItem","position":1,"name":"Accueil","item":"https:\/\/www.terra-vinea.com\/ca\/"},{"@type":"ListItem","position":2,"name":"Preguntes m\u00e9s freq\u00fcents"}]},{"@type":"WebSite","@id":"https:\/\/www.terra-vinea.com\/es\/#website","url":"https:\/\/www.terra-vinea.com\/es\/","name":"Terra Vinea","description":"Entrez dans l&#039;Histoire","potentialAction":[{"@type":"SearchAction","target":{"@type":"EntryPoint","urlTemplate":"https:\/\/www.terra-vinea.com\/es\/?s={search_term_string}"},"query-input":{"@type":"PropertyValueSpecification","valueRequired":true,"valueName":"search_term_string"}}],"inLanguage":"ca"}]}},"_links":{"self":[{"href":"https:\/\/www.terra-vinea.com\/ca\/wp-json\/wp\/v2\/pages\/481","targetHints":{"allow":["GET"]}}],"collection":[{"href":"https:\/\/www.terra-vinea.com\/ca\/wp-json\/wp\/v2\/pages"}],"about":[{"href":"https:\/\/www.terra-vinea.com\/ca\/wp-json\/wp\/v2\/types\/page"}],"author":[{"embeddable":true,"href":"https:\/\/www.terra-vinea.com\/ca\/wp-json\/wp\/v2\/users\/5"}],"replies":[{"embeddable":true,"href":"https:\/\/www.terra-vinea.com\/ca\/wp-json\/wp\/v2\/comments?post=481"}],"version-history":[{"count":5,"href":"https:\/\/www.terra-vinea.com\/ca\/wp-json\/wp\/v2\/pages\/481\/revisions"}],"predecessor-version":[{"id":4204,"href":"https:\/\/www.terra-vinea.com\/ca\/wp-json\/wp\/v2\/pages\/481\/revisions\/4204"}],"wp:attachment":[{"href":"https:\/\/www.terra-vinea.com\/ca\/wp-json\/wp\/v2\/media?parent=481"}],"curies":[{"name":"wp","href":"https:\/\/api.w.org\/{rel}","templated":true}]}}