{"id":2254,"date":"2020-03-05T15:06:36","date_gmt":"2020-03-05T14:06:36","guid":{"rendered":"https:\/\/www.terra-vinea.com\/autour-du-gouffre\/"},"modified":"2022-08-05T16:39:57","modified_gmt":"2022-08-05T14:39:57","slug":"al-voltant-de-terra-vinea","status":"publish","type":"page","link":"https:\/\/www.terra-vinea.com\/ca\/al-voltant-de-terra-vinea\/","title":{"rendered":"Al voltant de Terra Vinea"},"content":{"rendered":"<div class=\"fusion-fullwidth fullwidth-box fusion-builder-row-1 nonhundred-percent-fullwidth non-hundred-percent-height-scrolling\" style=\"--awb-border-radius-top-left:0px;--awb-border-radius-top-right:0px;--awb-border-radius-bottom-right:0px;--awb-border-radius-bottom-left:0px;--awb-flex-wrap:wrap;\" ><div class=\"fusion-builder-row fusion-row\"><div class=\"fusion-layout-column fusion_builder_column fusion-builder-column-0 fusion_builder_column_1_1 1_1 fusion-one-full fusion-column-first fusion-column-last\" style=\"--awb-bg-size:cover;--awb-margin-bottom:0px;\"><div class=\"fusion-column-wrapper fusion-flex-column-wrapper-legacy\"><div class=\"fusion-text fusion-text-1\"><div class=\"jhH5U\">\n<div id=\"tw-ob\" class=\"tw-src-ltr\">\n<div class=\"oSioSc\">\n<div id=\"tw-target\">\n<div id=\"kAz1tf\" class=\"g9WsWb\">\n<div id=\"tw-target-text-container\" class=\"tw-ta-container hide-focus-ring tw-nfl\" tabindex=\"0\">\n<p id=\"tw-target-text\" class=\"tw-data-text tw-text-large XcVN5d tw-ta\" dir=\"ltr\" data-placeholder=\"Traduction\"><span lang=\"ca\">Al voltant de Terra Vinea, la Narbonnaise ofereix multitud de punts d&#8217;inter\u00e8s tur\u00edstic.<\/span><\/p>\n<\/div>\n<\/div>\n<\/div>\n<\/div>\n<\/div>\n<\/div>\n<p id=\"tw-target-text\" class=\"tw-data-text tw-text-large XcVN5d tw-ta\" dir=\"ltr\" data-placeholder=\"Traduction\"><span lang=\"ca\">Per obtenir m\u00e9s informaci\u00f3 sobre l\u2019entorn, no dubteu a consultar el lloc web de l\u2019Oficina de Turisme : <a href=\"http:\/\/www.cotedumidi.com\" target=\"_blank\" rel=\"noopener noreferrer\">C\u00f4te du Midi<\/a><\/span><\/p>\n<\/div><div class=\"fusion-builder-row fusion-builder-row-inner fusion-row\"><div class=\"fusion-layout-column fusion_builder_column_inner fusion-builder-nested-column-0 fusion_builder_column_inner_1_2 1_2 fusion-one-half fusion-column-first\" style=\"--awb-bg-size:cover;width:50%;width:calc(50% - ( ( 4% ) * 0.5 ) );margin-right: 4%;\"><div class=\"fusion-column-wrapper fusion-column-has-shadow fusion-flex-column-wrapper-legacy\"><div class=\"fusion-image-element in-legacy-container\" style=\"--awb-caption-title-font-family:var(--h2_typography-font-family);--awb-caption-title-font-weight:var(--h2_typography-font-weight);--awb-caption-title-font-style:var(--h2_typography-font-style);--awb-caption-title-size:var(--h2_typography-font-size);--awb-caption-title-transform:var(--h2_typography-text-transform);--awb-caption-title-line-height:var(--h2_typography-line-height);--awb-caption-title-letter-spacing:var(--h2_typography-letter-spacing);\"><span class=\" fusion-imageframe imageframe-none imageframe-1 hover-type-none\"><a class=\"fusion-no-lightbox\" href=\"https:\/\/www.reserveafricainesigean.fr\/\" target=\"_blank\" aria-label=\"reserve sigean6OK\" rel=\"noopener noreferrer\"><img decoding=\"async\" width=\"2040\" height=\"1360\" alt=\"reserve sigean\" src=\"https:\/\/www.terra-vinea.com\/wp-content\/uploads\/2021\/02\/reserve-sigean6OK.png\" class=\"img-responsive wp-image-3727\" srcset=\"https:\/\/www.terra-vinea.com\/wp-content\/uploads\/2021\/02\/reserve-sigean6OK-200x133.png 200w, https:\/\/www.terra-vinea.com\/wp-content\/uploads\/2021\/02\/reserve-sigean6OK-400x267.png 400w, https:\/\/www.terra-vinea.com\/wp-content\/uploads\/2021\/02\/reserve-sigean6OK-600x400.png 600w, https:\/\/www.terra-vinea.com\/wp-content\/uploads\/2021\/02\/reserve-sigean6OK-800x533.png 800w, https:\/\/www.terra-vinea.com\/wp-content\/uploads\/2021\/02\/reserve-sigean6OK-1200x800.png 1200w, https:\/\/www.terra-vinea.com\/wp-content\/uploads\/2021\/02\/reserve-sigean6OK.png 2040w\" sizes=\"(max-width: 800px) 100vw, 800px\" \/><\/a><\/span><\/div><div class=\"fusion-text fusion-text-2\"><h5 style=\"text-align: left;\">La R\u00e9serve Africaine de Sigean<\/h5>\n<\/div><div class=\"fusion-text fusion-text-3\"><p style=\"text-align: left;\">Adre\u00e7a : 19 Hameau du Lac D6009 &#8211; 11130 Sigean<br \/>\nDist\u00e0ncia des Terra Vinea : 4,5 km \/ 7 minutes<br \/>\nLloc web : <a href=\"https:\/\/www.reserveafricainesigean.fr\/\" target=\"_blank\" rel=\"noopener noreferrer\">www.reserveafricainesigean.fr<\/a><br \/>\nTel\u00e8fon : +33 (0)4 68 48 20 20<\/p>\n<\/div><div class=\"fusion-clearfix\"><\/div><\/div><\/div><div class=\"fusion-layout-column fusion_builder_column_inner fusion-builder-nested-column-1 fusion_builder_column_inner_1_2 1_2 fusion-one-half fusion-column-last\" style=\"--awb-bg-size:cover;width:50%;width:calc(50% - ( ( 4% ) * 0.5 ) );\"><div class=\"fusion-column-wrapper fusion-column-has-shadow fusion-flex-column-wrapper-legacy\"><div class=\"fusion-image-element in-legacy-container\" style=\"--awb-caption-title-font-family:var(--h2_typography-font-family);--awb-caption-title-font-weight:var(--h2_typography-font-weight);--awb-caption-title-font-style:var(--h2_typography-font-style);--awb-caption-title-size:var(--h2_typography-font-size);--awb-caption-title-transform:var(--h2_typography-text-transform);--awb-caption-title-line-height:var(--h2_typography-line-height);--awb-caption-title-letter-spacing:var(--h2_typography-letter-spacing);\"><span class=\" fusion-imageframe imageframe-none imageframe-2 hover-type-none\"><a class=\"fusion-no-lightbox\" href=\"https:\/\/www.chateaudelastours.com\/\" target=\"_blank\" aria-label=\"lastours-ok\" rel=\"noopener noreferrer\"><img decoding=\"async\" width=\"2040\" height=\"1360\" alt=\"lastour vin\" src=\"https:\/\/www.terra-vinea.com\/wp-content\/uploads\/2021\/02\/lastours-ok.png\" class=\"img-responsive wp-image-3731\" srcset=\"https:\/\/www.terra-vinea.com\/wp-content\/uploads\/2021\/02\/lastours-ok-200x133.png 200w, https:\/\/www.terra-vinea.com\/wp-content\/uploads\/2021\/02\/lastours-ok-400x267.png 400w, https:\/\/www.terra-vinea.com\/wp-content\/uploads\/2021\/02\/lastours-ok-600x400.png 600w, https:\/\/www.terra-vinea.com\/wp-content\/uploads\/2021\/02\/lastours-ok-800x533.png 800w, https:\/\/www.terra-vinea.com\/wp-content\/uploads\/2021\/02\/lastours-ok-1200x800.png 1200w, https:\/\/www.terra-vinea.com\/wp-content\/uploads\/2021\/02\/lastours-ok.png 2040w\" sizes=\"(max-width: 800px) 100vw, 800px\" \/><\/a><\/span><\/div><div class=\"fusion-text fusion-text-4\"><h5 style=\"text-align: left;\">Ch\u00e2teau de Lastours<\/h5>\n<\/div><div class=\"fusion-text fusion-text-5\"><p style=\"text-align: left;\">Adre\u00e7a : Quartier du Ch\u00e2teau &#8211; 11490 Portel-des-Corbi\u00e8res<br \/>\nDist\u00e0ncia des Terra Vinea : 4,9 km \/ 9 minutes<br \/>\nLloc web : <a href=\"https:\/\/www.chateaudelastours.com\/\" target=\"_blank\" rel=\"noopener noreferrer\">www.chateaudelastours.com<\/a><br \/>\nTel\u00e8fon : +33 (0)4 68 48 64 74<\/p>\n<\/div><div class=\"fusion-clearfix\"><\/div><\/div><\/div><\/div><div class=\"fusion-builder-row fusion-builder-row-inner fusion-row\"><div class=\"fusion-layout-column fusion_builder_column_inner fusion-builder-nested-column-2 fusion_builder_column_inner_1_2 1_2 fusion-one-half fusion-column-first\" style=\"--awb-bg-size:cover;width:50%;width:calc(50% - ( ( 4% ) * 0.5 ) );margin-right: 4%;\"><div class=\"fusion-column-wrapper fusion-column-has-shadow fusion-flex-column-wrapper-legacy\"><div class=\"fusion-image-element in-legacy-container\" style=\"--awb-caption-title-font-family:var(--h2_typography-font-family);--awb-caption-title-font-weight:var(--h2_typography-font-weight);--awb-caption-title-font-style:var(--h2_typography-font-style);--awb-caption-title-size:var(--h2_typography-font-size);--awb-caption-title-transform:var(--h2_typography-text-transform);--awb-caption-title-line-height:var(--h2_typography-line-height);--awb-caption-title-letter-spacing:var(--h2_typography-letter-spacing);\"><span class=\" fusion-imageframe imageframe-none imageframe-3 hover-type-none\"><a class=\"fusion-no-lightbox\" href=\"https:\/\/chocolatiers-cathares.com\/\" target=\"_blank\" aria-label=\"LES-CHOCOLATIERS-CATHARES-ok\" rel=\"noopener noreferrer\"><img decoding=\"async\" width=\"2040\" height=\"1360\" alt=\"chocolatiers cathares\" src=\"https:\/\/www.terra-vinea.com\/wp-content\/uploads\/2021\/02\/LES-CHOCOLATIERS-CATHARES-ok.png\" class=\"img-responsive wp-image-3735\" srcset=\"https:\/\/www.terra-vinea.com\/wp-content\/uploads\/2021\/02\/LES-CHOCOLATIERS-CATHARES-ok-200x133.png 200w, https:\/\/www.terra-vinea.com\/wp-content\/uploads\/2021\/02\/LES-CHOCOLATIERS-CATHARES-ok-400x267.png 400w, https:\/\/www.terra-vinea.com\/wp-content\/uploads\/2021\/02\/LES-CHOCOLATIERS-CATHARES-ok-600x400.png 600w, https:\/\/www.terra-vinea.com\/wp-content\/uploads\/2021\/02\/LES-CHOCOLATIERS-CATHARES-ok-800x533.png 800w, https:\/\/www.terra-vinea.com\/wp-content\/uploads\/2021\/02\/LES-CHOCOLATIERS-CATHARES-ok-1200x800.png 1200w, https:\/\/www.terra-vinea.com\/wp-content\/uploads\/2021\/02\/LES-CHOCOLATIERS-CATHARES-ok.png 2040w\" sizes=\"(max-width: 800px) 100vw, 800px\" \/><\/a><\/span><\/div><div class=\"fusion-text fusion-text-6\"><h5 style=\"text-align: left;\">Les Chocolatiers Cathares<\/h5>\n<\/div><div class=\"fusion-text fusion-text-7\"><p style=\"text-align: left;\">Adre\u00e7a : Ma\u00eetre Artisan, 165 Rue Du Pech Redon, ZA Du Castellas &#8211; 11100 Montredon-des-Corbi\u00e8res<br \/>\nDist\u00e0ncia des Terra Vinea : 28,3 km \/ 24 minutes<br \/>\nLloc web :<a href=\"https:\/\/chocolatiers-cathares.com\/\" target=\"_blank\" rel=\"noopener noreferrer\">chocolatiers-cathares.com<\/a><br \/>\nTel\u00e8fon : +33 (0)4 68 27 04 04<\/p>\n<\/div><div class=\"fusion-clearfix\"><\/div><\/div><\/div><div class=\"fusion-layout-column fusion_builder_column_inner fusion-builder-nested-column-3 fusion_builder_column_inner_1_2 1_2 fusion-one-half fusion-column-last\" style=\"--awb-bg-size:cover;width:50%;width:calc(50% - ( ( 4% ) * 0.5 ) );\"><div class=\"fusion-column-wrapper fusion-column-has-shadow fusion-flex-column-wrapper-legacy\"><div class=\"fusion-image-element in-legacy-container\" style=\"--awb-caption-title-font-family:var(--h2_typography-font-family);--awb-caption-title-font-weight:var(--h2_typography-font-weight);--awb-caption-title-font-style:var(--h2_typography-font-style);--awb-caption-title-size:var(--h2_typography-font-size);--awb-caption-title-transform:var(--h2_typography-text-transform);--awb-caption-title-line-height:var(--h2_typography-line-height);--awb-caption-title-letter-spacing:var(--h2_typography-letter-spacing);\"><span class=\" fusion-imageframe imageframe-none imageframe-4 hover-type-none\"><a class=\"fusion-no-lightbox\" href=\"https:\/\/www.fontfroide.com\/\" target=\"_blank\" aria-label=\"Cloister. \u00a9Rogier Fackeldey\" rel=\"noopener noreferrer\"><img decoding=\"async\" width=\"1024\" height=\"683\" alt=\"cloitre terra vinea\" src=\"https:\/\/www.terra-vinea.com\/wp-content\/uploads\/2021\/05\/Cloister.-\u00a9Rogier-Fackeldey-1024x683.jpg\" class=\"img-responsive wp-image-4568\" srcset=\"https:\/\/www.terra-vinea.com\/wp-content\/uploads\/2021\/05\/Cloister.-\u00a9Rogier-Fackeldey-200x133.jpg 200w, https:\/\/www.terra-vinea.com\/wp-content\/uploads\/2021\/05\/Cloister.-\u00a9Rogier-Fackeldey-400x267.jpg 400w, https:\/\/www.terra-vinea.com\/wp-content\/uploads\/2021\/05\/Cloister.-\u00a9Rogier-Fackeldey-600x400.jpg 600w, https:\/\/www.terra-vinea.com\/wp-content\/uploads\/2021\/05\/Cloister.-\u00a9Rogier-Fackeldey-800x533.jpg 800w, https:\/\/www.terra-vinea.com\/wp-content\/uploads\/2021\/05\/Cloister.-\u00a9Rogier-Fackeldey-1200x800.jpg 1200w\" sizes=\"(max-width: 800px) 100vw, 800px\" \/><\/a><\/span><\/div><div class=\"fusion-text fusion-text-8\"><h5 style=\"text-align: left;\">Abbaye de Fontfroide<\/h5>\n<\/div><div class=\"fusion-text fusion-text-9\"><p style=\"text-align: left;\">Adre\u00e7a : Route D\u00e9partementale 613 &#8211; 11100 Narbonne<br \/>\nDist\u00e0ncia des Terra Vinea : 29,4 km \/ 31 minutes<br \/>\nLloc web : <a href=\"https:\/\/www.fontfroide.com\/\" target=\"_blank\" rel=\"noopener noreferrer\">www.fontfroide.com<\/a><br \/>\nTel\u00e8fon : +33 (0)4 68 45 11 08<\/p>\n<\/div><div class=\"fusion-clearfix\"><\/div><\/div><\/div><\/div><div class=\"fusion-builder-row fusion-builder-row-inner fusion-row\"><div class=\"fusion-layout-column fusion_builder_column_inner fusion-builder-nested-column-4 fusion_builder_column_inner_1_2 1_2 fusion-one-half fusion-column-first\" style=\"--awb-bg-size:cover;width:50%;width:calc(50% - ( ( 4% ) * 0.5 ) );margin-right: 4%;\"><div class=\"fusion-column-wrapper fusion-column-has-shadow fusion-flex-column-wrapper-legacy\"><div class=\"fusion-image-element in-legacy-container\" style=\"--awb-caption-title-font-family:var(--h2_typography-font-family);--awb-caption-title-font-weight:var(--h2_typography-font-weight);--awb-caption-title-font-style:var(--h2_typography-font-style);--awb-caption-title-size:var(--h2_typography-font-size);--awb-caption-title-transform:var(--h2_typography-text-transform);--awb-caption-title-line-height:var(--h2_typography-line-height);--awb-caption-title-letter-spacing:var(--h2_typography-letter-spacing);\"><span class=\" fusion-imageframe imageframe-none imageframe-5 hover-type-none\"><a class=\"fusion-no-lightbox\" href=\"https:\/\/www.loulibo.com\/\" target=\"_blank\" aria-label=\"L&#8217;Oulibo-ok\" rel=\"noopener noreferrer\"><img decoding=\"async\" width=\"2040\" height=\"1360\" alt=\"loulibo terra vinea\" src=\"https:\/\/www.terra-vinea.com\/wp-content\/uploads\/2021\/02\/LOulibo-ok.png\" class=\"img-responsive wp-image-4038\" srcset=\"https:\/\/www.terra-vinea.com\/wp-content\/uploads\/2021\/02\/LOulibo-ok-200x133.png 200w, https:\/\/www.terra-vinea.com\/wp-content\/uploads\/2021\/02\/LOulibo-ok-400x267.png 400w, https:\/\/www.terra-vinea.com\/wp-content\/uploads\/2021\/02\/LOulibo-ok-600x400.png 600w, https:\/\/www.terra-vinea.com\/wp-content\/uploads\/2021\/02\/LOulibo-ok-800x533.png 800w, https:\/\/www.terra-vinea.com\/wp-content\/uploads\/2021\/02\/LOulibo-ok-1200x800.png 1200w, https:\/\/www.terra-vinea.com\/wp-content\/uploads\/2021\/02\/LOulibo-ok.png 2040w\" sizes=\"(max-width: 800px) 100vw, 800px\" \/><\/a><\/span><\/div><div class=\"fusion-text fusion-text-10\"><div class=\"fusion-text fusion-text-26\">\n<h5>L\u2019Oulibo : l\u2019Odyss\u00e9e de l\u2019Olivier<\/h5>\n<\/div>\n<\/div><div class=\"fusion-text fusion-text-11\"><p style=\"text-align: left;\">Adre\u00e7a : Hameau de Cabezac \u2013 11120 Bize-Minervois<br \/>\nDist\u00e0ncia des Terra Vinea : 42,4km \/ 38 minutes<br \/>\nLloc web :\u00a0<a href=\"https:\/\/www.loulibo.com\/\" target=\"_blank\" rel=\"noopener noreferrer\">www.loulibo.com<\/a><br \/>\nTel\u00e8fon : +33 (0)4 68 41 88 84<\/p>\n<\/div><div class=\"fusion-clearfix\"><\/div><\/div><\/div><div class=\"fusion-layout-column fusion_builder_column_inner fusion-builder-nested-column-5 fusion_builder_column_inner_1_2 1_2 fusion-one-half fusion-column-last\" style=\"--awb-bg-size:cover;width:50%;width:calc(50% - ( ( 4% ) * 0.5 ) );\"><div class=\"fusion-column-wrapper fusion-column-has-shadow fusion-flex-column-wrapper-legacy\"><div class=\"fusion-image-element in-legacy-container\" style=\"--awb-caption-title-font-family:var(--h2_typography-font-family);--awb-caption-title-font-weight:var(--h2_typography-font-weight);--awb-caption-title-font-style:var(--h2_typography-font-style);--awb-caption-title-size:var(--h2_typography-font-size);--awb-caption-title-transform:var(--h2_typography-text-transform);--awb-caption-title-line-height:var(--h2_typography-line-height);--awb-caption-title-letter-spacing:var(--h2_typography-letter-spacing);\"><span class=\" fusion-imageframe imageframe-none imageframe-6 hover-type-none\"><a class=\"fusion-no-lightbox\" href=\"http:\/\/www.gouffre-de-cabrespine.com\" target=\"_blank\" aria-label=\"Gouffre G\u00e9ant de Cabrespine &#8211; Passerelle de Verre-ok\" rel=\"noopener noreferrer\"><img decoding=\"async\" width=\"2040\" height=\"1360\" alt=\"Gouffre G\u00e9ant de Cabrespine terra vinea\" src=\"https:\/\/www.terra-vinea.com\/wp-content\/uploads\/2021\/02\/Gouffre-Geant-de-Cabrespine-Passerelle-de-Verre-ok-1.png\" class=\"img-responsive wp-image-3748\" srcset=\"https:\/\/www.terra-vinea.com\/wp-content\/uploads\/2021\/02\/Gouffre-Geant-de-Cabrespine-Passerelle-de-Verre-ok-1-200x133.png 200w, https:\/\/www.terra-vinea.com\/wp-content\/uploads\/2021\/02\/Gouffre-Geant-de-Cabrespine-Passerelle-de-Verre-ok-1-400x267.png 400w, https:\/\/www.terra-vinea.com\/wp-content\/uploads\/2021\/02\/Gouffre-Geant-de-Cabrespine-Passerelle-de-Verre-ok-1-600x400.png 600w, https:\/\/www.terra-vinea.com\/wp-content\/uploads\/2021\/02\/Gouffre-Geant-de-Cabrespine-Passerelle-de-Verre-ok-1-800x533.png 800w, https:\/\/www.terra-vinea.com\/wp-content\/uploads\/2021\/02\/Gouffre-Geant-de-Cabrespine-Passerelle-de-Verre-ok-1-1200x800.png 1200w, https:\/\/www.terra-vinea.com\/wp-content\/uploads\/2021\/02\/Gouffre-Geant-de-Cabrespine-Passerelle-de-Verre-ok-1.png 2040w\" sizes=\"(max-width: 800px) 100vw, 800px\" \/><\/a><\/span><\/div><div class=\"fusion-text fusion-text-12\"><h5 style=\"text-align: left;\">Le Gouffre G\u00e9ant de Cabrespine<\/h5>\n<\/div><div class=\"fusion-text fusion-text-13\"><p style=\"text-align: left;\">Adre\u00e7a : La Cresto &#8211; 11160 Cabrespine<br \/>\nDist\u00e0ncia des Terra Vinea : 93,2 km \/ 1h10<br \/>\nLloc web : <a href=\"http:\/\/www.gouffre-de-cabrespine.com\" target=\"_blank\" rel=\"noopener noreferrer\">www.gouffre-de-cabrespine.com<\/a><br \/>\nTel\u00e8fon : +33 (0) 4 68 26 14 20<\/p>\n<\/div><div class=\"fusion-clearfix\"><\/div><\/div><\/div><\/div><div class=\"fusion-clearfix\"><\/div><\/div><\/div><div class=\"fusion-layout-column fusion_builder_column fusion-builder-column-1 fusion_builder_column_1_2 1_2 fusion-one-half fusion-column-first\" style=\"--awb-bg-size:cover;width:50%;width:calc(50% - ( ( 4% ) * 0.5 ) );margin-right: 4%;\"><div class=\"fusion-column-wrapper fusion-column-has-shadow fusion-flex-column-wrapper-legacy\"><div class=\"fusion-clearfix\"><\/div><\/div><\/div><div class=\"fusion-layout-column fusion_builder_column fusion-builder-column-2 fusion_builder_column_1_2 1_2 fusion-one-half fusion-column-last\" style=\"--awb-bg-size:cover;width:50%;width:calc(50% - ( ( 4% ) * 0.5 ) );\"><div class=\"fusion-column-wrapper fusion-column-has-shadow fusion-flex-column-wrapper-legacy\"><div class=\"fusion-clearfix\"><\/div><\/div><\/div><\/div><\/div>\n<span class=\"et_bloom_bottom_trigger\"><\/span>","protected":false},"excerpt":{"rendered":"","protected":false},"author":5,"featured_media":0,"parent":0,"menu_order":0,"comment_status":"closed","ping_status":"closed","template":"","meta":{"_acf_changed":false,"inline_featured_image":false,"footnotes":""},"class_list":["post-2254","page","type-page","status-publish","hentry"],"acf":[],"yoast_head":"<!-- This site is optimized with the Yoast SEO plugin v26.8 - https:\/\/yoast.com\/product\/yoast-seo-wordpress\/ -->\n<title>Al voltant de Terra Vinea - Terra Vinea<\/title>\n<meta name=\"robots\" content=\"index, follow, max-snippet:-1, max-image-preview:large, max-video-preview:-1\" \/>\n<link rel=\"canonical\" href=\"https:\/\/www.terra-vinea.com\/ca\/al-voltant-de-terra-vinea\/\" \/>\n<meta property=\"og:locale\" content=\"ca_ES\" \/>\n<meta property=\"og:type\" content=\"article\" \/>\n<meta property=\"og:title\" content=\"Al voltant de Terra Vinea - Terra Vinea\" \/>\n<meta property=\"og:url\" content=\"https:\/\/www.terra-vinea.com\/ca\/al-voltant-de-terra-vinea\/\" \/>\n<meta property=\"og:site_name\" content=\"Terra Vinea\" \/>\n<meta property=\"article:modified_time\" content=\"2022-08-05T14:39:57+00:00\" \/>\n<meta name=\"twitter:card\" content=\"summary_large_image\" \/>\n<meta name=\"twitter:label1\" content=\"Temps estimat de lectura\" \/>\n\t<meta name=\"twitter:data1\" content=\"8 minuts\" \/>\n<script type=\"application\/ld+json\" class=\"yoast-schema-graph\">{\"@context\":\"https:\/\/schema.org\",\"@graph\":[{\"@type\":\"WebPage\",\"@id\":\"https:\/\/www.terra-vinea.com\/ca\/al-voltant-de-terra-vinea\/\",\"url\":\"https:\/\/www.terra-vinea.com\/ca\/al-voltant-de-terra-vinea\/\",\"name\":\"Al voltant de Terra Vinea - Terra Vinea\",\"isPartOf\":{\"@id\":\"https:\/\/www.terra-vinea.com\/es\/#website\"},\"datePublished\":\"2020-03-05T14:06:36+00:00\",\"dateModified\":\"2022-08-05T14:39:57+00:00\",\"breadcrumb\":{\"@id\":\"https:\/\/www.terra-vinea.com\/ca\/al-voltant-de-terra-vinea\/#breadcrumb\"},\"inLanguage\":\"ca\",\"potentialAction\":[{\"@type\":\"ReadAction\",\"target\":[\"https:\/\/www.terra-vinea.com\/ca\/al-voltant-de-terra-vinea\/\"]}]},{\"@type\":\"BreadcrumbList\",\"@id\":\"https:\/\/www.terra-vinea.com\/ca\/al-voltant-de-terra-vinea\/#breadcrumb\",\"itemListElement\":[{\"@type\":\"ListItem\",\"position\":1,\"name\":\"Accueil\",\"item\":\"https:\/\/www.terra-vinea.com\/ca\/\"},{\"@type\":\"ListItem\",\"position\":2,\"name\":\"Al voltant de Terra Vinea\"}]},{\"@type\":\"WebSite\",\"@id\":\"https:\/\/www.terra-vinea.com\/es\/#website\",\"url\":\"https:\/\/www.terra-vinea.com\/es\/\",\"name\":\"Terra Vinea\",\"description\":\"Entrez dans l&#039;Histoire\",\"potentialAction\":[{\"@type\":\"SearchAction\",\"target\":{\"@type\":\"EntryPoint\",\"urlTemplate\":\"https:\/\/www.terra-vinea.com\/es\/?s={search_term_string}\"},\"query-input\":{\"@type\":\"PropertyValueSpecification\",\"valueRequired\":true,\"valueName\":\"search_term_string\"}}],\"inLanguage\":\"ca\"}]}<\/script>\n<!-- \/ Yoast SEO plugin. -->","yoast_head_json":{"title":"Al voltant de Terra Vinea - Terra Vinea","robots":{"index":"index","follow":"follow","max-snippet":"max-snippet:-1","max-image-preview":"max-image-preview:large","max-video-preview":"max-video-preview:-1"},"canonical":"https:\/\/www.terra-vinea.com\/ca\/al-voltant-de-terra-vinea\/","og_locale":"ca_ES","og_type":"article","og_title":"Al voltant de Terra Vinea - Terra Vinea","og_url":"https:\/\/www.terra-vinea.com\/ca\/al-voltant-de-terra-vinea\/","og_site_name":"Terra Vinea","article_modified_time":"2022-08-05T14:39:57+00:00","twitter_card":"summary_large_image","twitter_misc":{"Temps estimat de lectura":"8 minuts"},"schema":{"@context":"https:\/\/schema.org","@graph":[{"@type":"WebPage","@id":"https:\/\/www.terra-vinea.com\/ca\/al-voltant-de-terra-vinea\/","url":"https:\/\/www.terra-vinea.com\/ca\/al-voltant-de-terra-vinea\/","name":"Al voltant de Terra Vinea - Terra Vinea","isPartOf":{"@id":"https:\/\/www.terra-vinea.com\/es\/#website"},"datePublished":"2020-03-05T14:06:36+00:00","dateModified":"2022-08-05T14:39:57+00:00","breadcrumb":{"@id":"https:\/\/www.terra-vinea.com\/ca\/al-voltant-de-terra-vinea\/#breadcrumb"},"inLanguage":"ca","potentialAction":[{"@type":"ReadAction","target":["https:\/\/www.terra-vinea.com\/ca\/al-voltant-de-terra-vinea\/"]}]},{"@type":"BreadcrumbList","@id":"https:\/\/www.terra-vinea.com\/ca\/al-voltant-de-terra-vinea\/#breadcrumb","itemListElement":[{"@type":"ListItem","position":1,"name":"Accueil","item":"https:\/\/www.terra-vinea.com\/ca\/"},{"@type":"ListItem","position":2,"name":"Al voltant de Terra Vinea"}]},{"@type":"WebSite","@id":"https:\/\/www.terra-vinea.com\/es\/#website","url":"https:\/\/www.terra-vinea.com\/es\/","name":"Terra Vinea","description":"Entrez dans l&#039;Histoire","potentialAction":[{"@type":"SearchAction","target":{"@type":"EntryPoint","urlTemplate":"https:\/\/www.terra-vinea.com\/es\/?s={search_term_string}"},"query-input":{"@type":"PropertyValueSpecification","valueRequired":true,"valueName":"search_term_string"}}],"inLanguage":"ca"}]}},"_links":{"self":[{"href":"https:\/\/www.terra-vinea.com\/ca\/wp-json\/wp\/v2\/pages\/2254","targetHints":{"allow":["GET"]}}],"collection":[{"href":"https:\/\/www.terra-vinea.com\/ca\/wp-json\/wp\/v2\/pages"}],"about":[{"href":"https:\/\/www.terra-vinea.com\/ca\/wp-json\/wp\/v2\/types\/page"}],"author":[{"embeddable":true,"href":"https:\/\/www.terra-vinea.com\/ca\/wp-json\/wp\/v2\/users\/5"}],"replies":[{"embeddable":true,"href":"https:\/\/www.terra-vinea.com\/ca\/wp-json\/wp\/v2\/comments?post=2254"}],"version-history":[{"count":14,"href":"https:\/\/www.terra-vinea.com\/ca\/wp-json\/wp\/v2\/pages\/2254\/revisions"}],"predecessor-version":[{"id":5808,"href":"https:\/\/www.terra-vinea.com\/ca\/wp-json\/wp\/v2\/pages\/2254\/revisions\/5808"}],"wp:attachment":[{"href":"https:\/\/www.terra-vinea.com\/ca\/wp-json\/wp\/v2\/media?parent=2254"}],"curies":[{"name":"wp","href":"https:\/\/api.w.org\/{rel}","templated":true}]}}